{"id":20341,"date":"2024-01-23T08:10:33","date_gmt":"2024-01-23T13:10:33","guid":{"rendered":"https:\/\/podernacional.com\/?page_id=20341"},"modified":"2024-01-23T13:10:43","modified_gmt":"2024-01-23T13:10:43","slug":"pronostican-lluvias-fuertes-en-la-peninsula-de-yucatan","status":"publish","type":"page","link":"https:\/\/podernacional.com\/?page_id=20341","title":{"rendered":"Pronostican lluvias fuertes en la Pen\u00ednsula de Yucat\u00e1n"},"content":{"rendered":"<p>En el d\u00eda de hoy, una vaguada polar en niveles medios y altos de la atm\u00f3sfera se ha establecido sobre el noroeste y occidente del territorio nacional, generando una serie de fen\u00f3menos meteorol\u00f3gicos que afectan distintas zonas de M\u00e9xico.<\/p>\n<p>La interacci\u00f3n de la vaguada polar con la corriente en chorro polar ha dado lugar a fuertes e intensas rachas de viento, chubascos y lluvias de consideraci\u00f3n en el noroeste y norte del pa\u00eds. En particular, sierras de Baja California, Sonora, Chihuahua, Durango y Sinaloa (sierra norte) experimentar\u00e1n la ca\u00edda de nieve o aguanieve, con la posibilidad de lluvia engelante o aguanieve en Coahuila.<\/p>\n<p>Canales de baja presi\u00f3n y el ingreso de humedad del Oc\u00e9ano Pac\u00edfico, Golfo de M\u00e9xico y Mar Caribe est\u00e1n ocasionando chubascos y lluvias puntuales fuertes en zonas del noreste y sureste de la Rep\u00fablica Mexicana, incluida la Pen\u00ednsula de Yucat\u00e1n.<\/p>\n<p>En particular, para la Pen\u00ednsula de Yucat\u00e1n, se espera un cielo medio nublado a nublado durante el d\u00eda. Las lluvias puntuales fuertes, acompa\u00f1adas de descargas el\u00e9ctricas, afectar\u00e1n principalmente a Yucat\u00e1n y Quintana Roo, con posibilidad de originar encharcamientos e inundaciones. Adem\u00e1s, se esperan intervalos de chubascos en Campeche. El ambiente ser\u00e1 fresco a templado por la ma\u00f1ana y c\u00e1lido por la tarde, con vientos de componente sur y rachas de 40 a 60 km\/h. El oleaje en las costas de la regi\u00f3n alcanzar\u00e1 alturas de 1 a 3 metros.<br \/>\nSe informa que el frente fr\u00edo No. 29 se disipar\u00e1 durante la ma\u00f1ana, dejando de afectar a M\u00e9xico.<br \/>\nLas autoridades recomiendan a la poblaci\u00f3n tomar las precauciones necesarias ante estas condiciones meteorol\u00f3gicas adversas, tales como evitar zonas propensas a inundaciones, asegurar objetos exteriores y estar atentos a los comunicados oficiales de protecci\u00f3n civil. Se insta a seguir las actualizaciones proporcionadas por los servicios meteorol\u00f3gicos para mantenerse informados sobre la evoluci\u00f3n de la situaci\u00f3n.<\/p>\n","protected":false},"excerpt":{"rendered":"<p>En el d\u00eda de hoy, una vaguada polar en niveles medios y altos de la atm\u00f3sfera se ha establecido sobre el noroeste y occidente del territorio nacional, generando una serie de fen\u00f3menos meteorol\u00f3gicos que afectan distintas zonas de M\u00e9xico. La interacci\u00f3n de la vaguada polar con la corriente en chorro polar ha dado lugar a [&hellip;]<\/p>\n","protected":false},"author":1,"featured_media":20343,"parent":0,"menu_order":0,"comment_status":"open","ping_status":"closed","template":"","meta":{"footnotes":""},"class_list":["post-20341","page","type-page","status-publish","has-post-thumbnail","hentry"],"_links":{"self":[{"href":"https:\/\/podernacional.com\/index.php?rest_route=\/wp\/v2\/pages\/20341","targetHints":{"allow":["GET"]}}],"collection":[{"href":"https:\/\/podernacional.com\/index.php?rest_route=\/wp\/v2\/pages"}],"about":[{"href":"https:\/\/podernacional.com\/index.php?rest_route=\/wp\/v2\/types\/page"}],"author":[{"embeddable":true,"href":"https:\/\/podernacional.com\/index.php?rest_route=\/wp\/v2\/users\/1"}],"replies":[{"embeddable":true,"href":"https:\/\/podernacional.com\/index.php?rest_route=%2Fwp%2Fv2%2Fcomments&post=20341"}],"version-history":[{"count":1,"href":"https:\/\/podernacional.com\/index.php?rest_route=\/wp\/v2\/pages\/20341\/revisions"}],"predecessor-version":[{"id":20342,"href":"https:\/\/podernacional.com\/index.php?rest_route=\/wp\/v2\/pages\/20341\/revisions\/20342"}],"wp:featuredmedia":[{"embeddable":true,"href":"https:\/\/podernacional.com\/index.php?rest_route=\/wp\/v2\/media\/20343"}],"wp:attachment":[{"href":"https:\/\/podernacional.com\/index.php?rest_route=%2Fwp%2Fv2%2Fmedia&parent=20341"}],"curies":[{"name":"wp","href":"https:\/\/api.w.org\/{rel}","templated":true}]}}